{"id":2088,"date":"2024-05-16T09:59:09","date_gmt":"2024-05-16T07:59:09","guid":{"rendered":"https:\/\/avanea.ch\/download\/"},"modified":"2025-08-27T10:29:16","modified_gmt":"2025-08-27T08:29:16","slug":"download","status":"publish","type":"page","link":"https:\/\/avanea.ch\/it\/download\/","title":{"rendered":"Download"},"content":{"rendered":"<div class=\"gb-container gb-container-57e40e3a\">\n<div class=\"gb-container gb-container-3e85a47d\">\n\n<h2 class=\"wp-block-heading\"><strong>Tutti i documenti importanti in un colpo d&#8217;occhio<\/strong><\/h2>\n\n\n\n<p>Benvenuto nell&#8217;area download del Fondo Pensione Avanea. Qui troverai tutti i moduli, le relazioni e il materiale informativo pi\u00f9 importanti in un unico posto. Il nostro obiettivo \u00e8 quello di rendere il pi\u00f9 semplice ed efficiente possibile l&#8217;accesso ai documenti importanti.  <\/p>\n\n\n\n<div style=\"height:50px\" aria-hidden=\"true\" class=\"wp-block-spacer\"><\/div>\n\n\n<div class=\"gb-container gb-container-f98a72e2\">\n\n<h2 class=\"gb-headline gb-headline-d77b9600 gb-headline-text\">Moduli per gli assicurati<\/h2>\n\n\n<div class=\"gb-container gb-container-95eb74bb gb-accordion\">\n<div class=\"gb-container gb-container-36b7b22a gb-accordion__item\" data-transition=\"slide\">\n\n<button class=\"gb-button gb-button-683acb27 gb-accordion__toggle\" id=\"gb-accordion-toggle-683acb27\"><span class=\"gb-button-text\">Ammissione<\/span><span class=\"gb-icon\"><svg xmlns=\"http:\/\/www.w3.org\/2000\/svg\" viewbox=\"0 0 448 512\" width=\"1em\" height=\"1em\" ariahidden=\"true\" role=\"img\" class=\"gb-accordion__icon\"><path d=\"M207.029 381.476L12.686 187.132c-9.373-9.373-9.373-24.569 0-33.941l22.667-22.667c9.357-9.357 24.522-9.375 33.901-.04L224 284.505l154.745-154.021c9.379-9.335 24.544-9.317 33.901.04l22.667 22.667c9.373 9.373 9.373 24.569 0 33.941L240.971 381.476c-9.373 9.372-24.569 9.372-33.942 0z\" fill=\"currentColor\"><\/path><\/svg><svg xmlns=\"http:\/\/www.w3.org\/2000\/svg\" viewbox=\"0 0 448 512\" width=\"1em\" height=\"1em\" ariahidden=\"true\" role=\"img\" class=\"gb-accordion__icon-open\"><path d=\"M240.971 130.524l194.343 194.343c9.373 9.373 9.373 24.569 0 33.941l-22.667 22.667c-9.357 9.357-24.522 9.375-33.901.04L224 227.495 69.255 381.516c-9.379 9.335-24.544 9.317-33.901-.04l-22.667-22.667c-9.373-9.373-9.373-24.569 0-33.941L207.03 130.525c9.372-9.373 24.568-9.373 33.941-.001z\" fill=\"currentColor\"><\/path><\/svg><\/span><\/button>\n\n\n<div id=\"gb-accordion-content-f6a64cf2\" class=\"gb-accordion__content\"><div class=\"gb-container gb-container-f6a64cf2\">\n<section id=\"digicube-block-66ab6ed9bb4cc\"  class=\"downloads__block\">\r\n\r\n\r\n\r\n    <div class=\"downloads__container__each\">            <div class=\"downloads__container \">\r\n                                            <div class=\" 0 downloads__item\">\r\n\r\n                                <a href=\"https:\/\/avanea.ch\/wp-content\/uploads\/2024\/08\/1.1_IT-Willkommensbrief-2025-Avanea-30_UBS.pdf\" target=\"_blank\">\r\n                                    <div class=\"downloads__item__content\">\r\n                                        <p> Contributo per le prestazioni maturate nel precedente fondo pensione &#8211; Avanea 30 (contratti dal 1000 &#8211; 6999)<\/p>\r\n                                    <\/div>\r\n                                <\/a>\r\n                            <\/div>\r\n                                            <div class=\" 1 downloads__item\">\r\n\r\n                                <a href=\"https:\/\/avanea.ch\/wp-content\/uploads\/2024\/11\/1.2_IT-Willkommensbrief-2025-PizSol_UBS.pdf\" target=\"_blank\">\r\n                                    <div class=\"downloads__item__content\">\r\n                                        <p> Contributo delle prestazioni acquisite al fondo pensione precedente &#8211; Avanea PizSol (contratti dal 7000 )<\/p>\r\n                                    <\/div>\r\n                                <\/a>\r\n                            <\/div>\r\n                                            <div class=\" 2 downloads__item\">\r\n\r\n                                <a href=\"https:\/\/avanea.ch\/wp-content\/uploads\/2024\/08\/301-it-stato-salute-avanea-2202-1.pdf\" target=\"_blank\">\r\n                                    <div class=\"downloads__item__content\">\r\n                                        <p> Dichiarazione di salute personale<\/p>\r\n                                    <\/div>\r\n                                <\/a>\r\n                            <\/div>\r\n                \r\n            <\/div>\r\n                <\/div>\r\n    \r\n<\/section>\n<\/div><\/div>\n\n<div id=\"gb-accordion-content-b98f756d\" class=\"gb-accordion__content\"><div class=\"gb-container gb-container-b98f756d\">\n<section id=\"digicube-block-66ab6ed9bb4cc\"  class=\"downloads__block\">\r\n\r\n\r\n\r\n    \r\n<\/section>\n<\/div><\/div>\n<\/div>\n\n<div class=\"gb-container gb-container-49762c3c gb-accordion__item\" data-transition=\"slide\">\n\n<button class=\"gb-button gb-button-b7263fa1 gb-accordion__toggle\" id=\"gb-accordion-toggle-b7263fa1\"><span class=\"gb-button-text\">Acquisti<\/span><span class=\"gb-icon\"><svg xmlns=\"http:\/\/www.w3.org\/2000\/svg\" viewbox=\"0 0 448 512\" width=\"1em\" height=\"1em\" ariahidden=\"true\" role=\"img\" class=\"gb-accordion__icon\"><path d=\"M207.029 381.476L12.686 187.132c-9.373-9.373-9.373-24.569 0-33.941l22.667-22.667c9.357-9.357 24.522-9.375 33.901-.04L224 284.505l154.745-154.021c9.379-9.335 24.544-9.317 33.901.04l22.667 22.667c9.373 9.373 9.373 24.569 0 33.941L240.971 381.476c-9.373 9.372-24.569 9.372-33.942 0z\" fill=\"currentColor\"><\/path><\/svg><svg xmlns=\"http:\/\/www.w3.org\/2000\/svg\" viewbox=\"0 0 448 512\" width=\"1em\" height=\"1em\" ariahidden=\"true\" role=\"img\" class=\"gb-accordion__icon-open\"><path d=\"M240.971 130.524l194.343 194.343c9.373 9.373 9.373 24.569 0 33.941l-22.667 22.667c-9.357 9.357-24.522 9.375-33.901.04L224 227.495 69.255 381.516c-9.379 9.335-24.544 9.317-33.901-.04l-22.667-22.667c-9.373-9.373-9.373-24.569 0-33.941L207.03 130.525c9.372-9.373 24.568-9.373 33.941-.001z\" fill=\"currentColor\"><\/path><\/svg><\/span><\/button>\n\n\n<div id=\"gb-accordion-content-beed5289\" class=\"gb-accordion__content\"><div class=\"gb-container gb-container-beed5289\">\n<section id=\"digicube-block-66ab6ed9bb4cc\"  class=\"downloads__block\">\r\n\r\n\r\n\r\n    <div class=\"downloads__container__each\">            <div class=\"downloads__container \">\r\n                                            <div class=\" 0 downloads__item\">\r\n\r\n                                <a href=\"https:\/\/avanea.ch\/wp-content\/uploads\/2024\/08\/303-it-acquisto-avanea-2202-1.pdf\" target=\"_blank\">\r\n                                    <div class=\"downloads__item__content\">\r\n                                        <p> Domanda di riscatto degli anni di contribuzione mancanti<\/p>\r\n                                    <\/div>\r\n                                <\/a>\r\n                            <\/div>\r\n                \r\n            <\/div>\r\n                <\/div>\r\n    \r\n<\/section>\n<\/div><\/div>\n\n<div id=\"gb-accordion-content-f90a710e\" class=\"gb-accordion__content\"><div class=\"gb-container gb-container-f90a710e\">\n<section id=\"digicube-block-66ab6ed9bb4cc\"  class=\"downloads__block\">\r\n\r\n\r\n\r\n    \r\n<\/section>\n<\/div><\/div>\n<\/div>\n\n<div class=\"gb-container gb-container-75d784a9 gb-accordion__item\" data-transition=\"slide\">\n\n<button class=\"gb-button gb-button-a302a9d5 gb-accordion__toggle\" id=\"gb-accordion-toggle-a302a9d5\"><span class=\"gb-button-text\">Beneficiario in caso di morte<\/span><span class=\"gb-icon\"><svg xmlns=\"http:\/\/www.w3.org\/2000\/svg\" viewbox=\"0 0 448 512\" width=\"1em\" height=\"1em\" ariahidden=\"true\" role=\"img\" class=\"gb-accordion__icon\"><path d=\"M207.029 381.476L12.686 187.132c-9.373-9.373-9.373-24.569 0-33.941l22.667-22.667c9.357-9.357 24.522-9.375 33.901-.04L224 284.505l154.745-154.021c9.379-9.335 24.544-9.317 33.901.04l22.667 22.667c9.373 9.373 9.373 24.569 0 33.941L240.971 381.476c-9.373 9.372-24.569 9.372-33.942 0z\" fill=\"currentColor\"><\/path><\/svg><svg xmlns=\"http:\/\/www.w3.org\/2000\/svg\" viewbox=\"0 0 448 512\" width=\"1em\" height=\"1em\" ariahidden=\"true\" role=\"img\" class=\"gb-accordion__icon-open\"><path d=\"M240.971 130.524l194.343 194.343c9.373 9.373 9.373 24.569 0 33.941l-22.667 22.667c-9.357 9.357-24.522 9.375-33.901.04L224 227.495 69.255 381.516c-9.379 9.335-24.544 9.317-33.901-.04l-22.667-22.667c-9.373-9.373-9.373-24.569 0-33.941L207.03 130.525c9.372-9.373 24.568-9.373 33.941-.001z\" fill=\"currentColor\"><\/path><\/svg><\/span><\/button>\n\n\n<div id=\"gb-accordion-content-2b981587\" class=\"gb-accordion__content\"><div class=\"gb-container gb-container-2b981587\">\n<section id=\"digicube-block-66ab6ed9bb4cc\"  class=\"downloads__block\">\r\n\r\n\r\n\r\n    <div class=\"downloads__container__each\">            <div class=\"downloads__container \">\r\n                                            <div class=\" 0 downloads__item\">\r\n\r\n                                <a href=\"https:\/\/avanea.ch\/wp-content\/uploads\/2024\/08\/302-it-convivenza-avanea-2202-1.pdf\" target=\"_blank\">\r\n                                    <div class=\"downloads__item__content\">\r\n                                        <p> Notifica di favoritismi per la convivenza<\/p>\r\n                                    <\/div>\r\n                                <\/a>\r\n                            <\/div>\r\n                \r\n            <\/div>\r\n                <\/div>\r\n    \r\n<\/section>\n<\/div><\/div>\n<\/div>\n\n<div class=\"gb-container gb-container-f23186ef gb-accordion__item\" data-transition=\"slide\">\n\n<button class=\"gb-button gb-button-79b7f7da gb-accordion__toggle\" id=\"gb-accordion-toggle-79b7f7da\"><span class=\"gb-button-text\">Prelievo anticipato per la propriet\u00e0 residenziale<\/span><span class=\"gb-icon\"><svg xmlns=\"http:\/\/www.w3.org\/2000\/svg\" viewbox=\"0 0 448 512\" width=\"1em\" height=\"1em\" ariahidden=\"true\" role=\"img\" class=\"gb-accordion__icon\"><path d=\"M207.029 381.476L12.686 187.132c-9.373-9.373-9.373-24.569 0-33.941l22.667-22.667c9.357-9.357 24.522-9.375 33.901-.04L224 284.505l154.745-154.021c9.379-9.335 24.544-9.317 33.901.04l22.667 22.667c9.373 9.373 9.373 24.569 0 33.941L240.971 381.476c-9.373 9.372-24.569 9.372-33.942 0z\" fill=\"currentColor\"><\/path><\/svg><svg xmlns=\"http:\/\/www.w3.org\/2000\/svg\" viewbox=\"0 0 448 512\" width=\"1em\" height=\"1em\" ariahidden=\"true\" role=\"img\" class=\"gb-accordion__icon-open\"><path d=\"M240.971 130.524l194.343 194.343c9.373 9.373 9.373 24.569 0 33.941l-22.667 22.667c-9.357 9.357-24.522 9.375-33.901.04L224 227.495 69.255 381.516c-9.379 9.335-24.544 9.317-33.901-.04l-22.667-22.667c-9.373-9.373-9.373-24.569 0-33.941L207.03 130.525c9.372-9.373 24.568-9.373 33.941-.001z\" fill=\"currentColor\"><\/path><\/svg><\/span><\/button>\n\n\n<div id=\"gb-accordion-content-e686346b\" class=\"gb-accordion__content\"><div class=\"gb-container gb-container-e686346b\">\n<section id=\"digicube-block-66ab6ed9bb4cc\"  class=\"downloads__block\">\r\n\r\n\r\n\r\n    <div class=\"downloads__container__each\">            <div class=\"downloads__container \">\r\n                                            <div class=\" 0 downloads__item\">\r\n\r\n                                <a href=\"https:\/\/avanea.ch\/wp-content\/uploads\/2024\/08\/304-it-prelievo-avanea-2202-1.pdf\" target=\"_blank\">\r\n                                    <div class=\"downloads__item__content\">\r\n                                        <p> Sussidio per la casa di propriet\u00e0 Richiesta di prelievo anticipato<\/p>\r\n                                    <\/div>\r\n                                <\/a>\r\n                            <\/div>\r\n                                            <div class=\" 1 downloads__item\">\r\n\r\n                                <a href=\"https:\/\/avanea.ch\/wp-content\/uploads\/2024\/08\/305-it-pegno-avanea-2202-1.pdf\" target=\"_blank\">\r\n                                    <div class=\"downloads__item__content\">\r\n                                        <p> Sussidio per la casa di propriet\u00e0 Richiesta di pegno<\/p>\r\n                                    <\/div>\r\n                                <\/a>\r\n                            <\/div>\r\n                \r\n            <\/div>\r\n                <\/div>\r\n    \r\n<\/section>\n<\/div><\/div>\n\n<div id=\"gb-accordion-content-181f0280\" class=\"gb-accordion__content\"><div class=\"gb-container gb-container-181f0280\">\n<section id=\"digicube-block-66ab6ed9bb4cc\"  class=\"downloads__block\">\r\n\r\n\r\n\r\n    \r\n<\/section>\n<\/div><\/div>\n<\/div>\n\n<div class=\"gb-container gb-container-3c6819b6 gb-accordion__item\" data-transition=\"slide\">\n<div class=\"gb-container gb-container-4d49bd2b gb-accordion__item\" data-transition=\"slide\">\n\n<button class=\"gb-button gb-button-6266c808 gb-accordion__toggle\" id=\"gb-accordion-toggle-6266c808\"><span class=\"gb-button-text\">Controllo della salute<\/span><span class=\"gb-icon\"><svg xmlns=\"http:\/\/www.w3.org\/2000\/svg\" viewbox=\"0 0 448 512\" width=\"1em\" height=\"1em\" ariahidden=\"true\" role=\"img\" class=\"gb-accordion__icon\"><path d=\"M207.029 381.476L12.686 187.132c-9.373-9.373-9.373-24.569 0-33.941l22.667-22.667c9.357-9.357 24.522-9.375 33.901-.04L224 284.505l154.745-154.021c9.379-9.335 24.544-9.317 33.901.04l22.667 22.667c9.373 9.373 9.373 24.569 0 33.941L240.971 381.476c-9.373 9.372-24.569 9.372-33.942 0z\" fill=\"currentColor\"><\/path><\/svg><svg xmlns=\"http:\/\/www.w3.org\/2000\/svg\" viewbox=\"0 0 448 512\" width=\"1em\" height=\"1em\" ariahidden=\"true\" role=\"img\" class=\"gb-accordion__icon-open\"><path d=\"M240.971 130.524l194.343 194.343c9.373 9.373 9.373 24.569 0 33.941l-22.667 22.667c-9.357 9.357-24.522 9.375-33.901.04L224 227.495 69.255 381.516c-9.379 9.335-24.544 9.317-33.901-.04l-22.667-22.667c-9.373-9.373-9.373-24.569 0-33.941L207.03 130.525c9.372-9.373 24.568-9.373 33.941-.001z\" fill=\"currentColor\"><\/path><\/svg><\/span><\/button>\n\n\n<div id=\"gb-accordion-content-941a54d0\" class=\"gb-accordion__content\"><div class=\"gb-container gb-container-941a54d0\">\n<section id=\"digicube-block-66ab6ed9bb4cc\"  class=\"downloads__block\">\r\n\r\n\r\n\r\n    <div class=\"downloads__container__each\">            <div class=\"downloads__container \">\r\n                                            <div class=\" 0 downloads__item\">\r\n\r\n                                <a href=\"https:\/\/avanea.ch\/wp-content\/uploads\/2024\/08\/301-it-stato-salute-avanea-2202-1.pdf\" target=\"_blank\">\r\n                                    <div class=\"downloads__item__content\">\r\n                                        <p> Dichiarazione di salute personale<\/p>\r\n                                    <\/div>\r\n                                <\/a>\r\n                            <\/div>\r\n                \r\n            <\/div>\r\n                <\/div>\r\n    \r\n<\/section>\n<\/div><\/div>\n<\/div>\n\n\n<button class=\"gb-button gb-button-8ed94b50 gb-accordion__toggle\" id=\"gb-accordion-toggle-8ed94b50\"><span class=\"gb-button-text\">Uscita<\/span><span class=\"gb-icon\"><svg xmlns=\"http:\/\/www.w3.org\/2000\/svg\" viewbox=\"0 0 448 512\" width=\"1em\" height=\"1em\" ariahidden=\"true\" role=\"img\" class=\"gb-accordion__icon\"><path d=\"M207.029 381.476L12.686 187.132c-9.373-9.373-9.373-24.569 0-33.941l22.667-22.667c9.357-9.357 24.522-9.375 33.901-.04L224 284.505l154.745-154.021c9.379-9.335 24.544-9.317 33.901.04l22.667 22.667c9.373 9.373 9.373 24.569 0 33.941L240.971 381.476c-9.373 9.372-24.569 9.372-33.942 0z\" fill=\"currentColor\"><\/path><\/svg><svg xmlns=\"http:\/\/www.w3.org\/2000\/svg\" viewbox=\"0 0 448 512\" width=\"1em\" height=\"1em\" ariahidden=\"true\" role=\"img\" class=\"gb-accordion__icon-open\"><path d=\"M240.971 130.524l194.343 194.343c9.373 9.373 9.373 24.569 0 33.941l-22.667 22.667c-9.357 9.357-24.522 9.375-33.901.04L224 227.495 69.255 381.516c-9.379 9.335-24.544 9.317-33.901-.04l-22.667-22.667c-9.373-9.373-9.373-24.569 0-33.941L207.03 130.525c9.372-9.373 24.568-9.373 33.941-.001z\" fill=\"currentColor\"><\/path><\/svg><\/span><\/button>\n\n\n<div id=\"gb-accordion-content-25db71c3\" class=\"gb-accordion__content\"><div class=\"gb-container gb-container-25db71c3\">\n<section id=\"digicube-block-66ab6ed9bb4cc\"  class=\"downloads__block\">\r\n\r\n\r\n\r\n    <div class=\"downloads__container__each\">            <div class=\"downloads__container \">\r\n                                            <div class=\" 0 downloads__item\">\r\n\r\n                                <a href=\"https:\/\/avanea.ch\/wp-content\/uploads\/2024\/08\/306-de-trasferimento-plp-avanea-2202-1.pdf\" target=\"_blank\">\r\n                                    <div class=\"downloads__item__content\">\r\n                                        <p> Trasferimento dei beni pensionistici a un nuovo fondo pensione<\/p>\r\n                                    <\/div>\r\n                                <\/a>\r\n                            <\/div>\r\n                                            <div class=\" 1 downloads__item\">\r\n\r\n                                <a href=\"https:\/\/avanea.ch\/wp-content\/uploads\/2024\/08\/308-it-indipendente-avanea-2202-1.pdf\" target=\"_blank\">\r\n                                    <div class=\"downloads__item__content\">\r\n                                        <p> Pagamento degli averi pensionistici dovuti al lavoro autonomo<\/p>\r\n                                    <\/div>\r\n                                <\/a>\r\n                            <\/div>\r\n                                            <div class=\" 2 downloads__item\">\r\n\r\n                                <a href=\"https:\/\/avanea.ch\/wp-content\/uploads\/2024\/08\/307-it-partenza-avanea-2202-1.pdf\" target=\"_blank\">\r\n                                    <div class=\"downloads__item__content\">\r\n                                        <p> Pagamento degli averi di vecchiaia dovuti all&#8217;uscita definitiva<\/p>\r\n                                    <\/div>\r\n                                <\/a>\r\n                            <\/div>\r\n                                            <div class=\" 3 downloads__item\">\r\n\r\n                                <a href=\"https:\/\/avanea.ch\/wp-content\/uploads\/2024\/08\/309-it-eisguita-avanea-2202-1.pdf\" target=\"_blank\">\r\n                                    <div class=\"downloads__item__content\">\r\n                                        <p> Pagamento degli averi di vecchiaia per insignificanza<\/p>\r\n                                    <\/div>\r\n                                <\/a>\r\n                            <\/div>\r\n                \r\n            <\/div>\r\n                <\/div>\r\n    \r\n<\/section>\n<\/div><\/div>\n<\/div>\n\n<div class=\"gb-container gb-container-a6be7dc3 gb-accordion__item\" data-transition=\"slide\">\n\n<button class=\"gb-button gb-button-fc9e23c0 gb-accordion__toggle\" id=\"gb-accordion-toggle-fc9e23c0\"><span class=\"gb-button-text\">Pensionamento<\/span><span class=\"gb-icon\"><svg xmlns=\"http:\/\/www.w3.org\/2000\/svg\" viewbox=\"0 0 448 512\" width=\"1em\" height=\"1em\" ariahidden=\"true\" role=\"img\" class=\"gb-accordion__icon\"><path d=\"M207.029 381.476L12.686 187.132c-9.373-9.373-9.373-24.569 0-33.941l22.667-22.667c9.357-9.357 24.522-9.375 33.901-.04L224 284.505l154.745-154.021c9.379-9.335 24.544-9.317 33.901.04l22.667 22.667c9.373 9.373 9.373 24.569 0 33.941L240.971 381.476c-9.373 9.372-24.569 9.372-33.942 0z\" fill=\"currentColor\"><\/path><\/svg><svg xmlns=\"http:\/\/www.w3.org\/2000\/svg\" viewbox=\"0 0 448 512\" width=\"1em\" height=\"1em\" ariahidden=\"true\" role=\"img\" class=\"gb-accordion__icon-open\"><path d=\"M240.971 130.524l194.343 194.343c9.373 9.373 9.373 24.569 0 33.941l-22.667 22.667c-9.357 9.357-24.522 9.375-33.901.04L224 227.495 69.255 381.516c-9.379 9.335-24.544 9.317-33.901-.04l-22.667-22.667c-9.373-9.373-9.373-24.569 0-33.941L207.03 130.525c9.372-9.373 24.568-9.373 33.941-.001z\" fill=\"currentColor\"><\/path><\/svg><\/span><\/button>\n\n\n<div id=\"gb-accordion-content-77be295e\" class=\"gb-accordion__content\"><div class=\"gb-container gb-container-77be295e\">\n<section id=\"digicube-block-66ab6ed9bb4cc\"  class=\"downloads__block\">\r\n\r\n\r\n\r\n    <div class=\"downloads__container__each\">            <div class=\"downloads__container \">\r\n                                            <div class=\" 0 downloads__item\">\r\n\r\n                                <a href=\"https:\/\/avanea.ch\/wp-content\/uploads\/2024\/08\/311-it-pensionamento-avanea-2202-1.pdf\" target=\"_blank\">\r\n                                    <div class=\"downloads__item__content\">\r\n                                        <p> Domanda di pensionamento<\/p>\r\n                                    <\/div>\r\n                                <\/a>\r\n                            <\/div>\r\n                                            <div class=\" 1 downloads__item\">\r\n\r\n                                <a href=\"https:\/\/avanea.ch\/wp-content\/uploads\/2024\/08\/40-IT-Kapitalauszahlung-2024.pdf\" target=\"_blank\">\r\n                                    <div class=\"downloads__item__content\">\r\n                                        <p> Richiesta di riscossione delle prestazioni pensionistiche in forma di capitale<\/p>\r\n                                    <\/div>\r\n                                <\/a>\r\n                            <\/div>\r\n                \r\n            <\/div>\r\n                <\/div>\r\n    \r\n<\/section>\n<\/div><\/div>\n<\/div>\n<\/div>\n<\/div>\n\n\n<div style=\"height:50px\" aria-hidden=\"true\" class=\"wp-block-spacer\"><\/div>\n\n\n<div class=\"gb-container gb-container-eb31bab8\">\n\n<h2 class=\"gb-headline gb-headline-8f58cbe8 gb-headline-text\">2. moduli per il datore di lavoro<\/h2>\n\n\n<div class=\"gb-container gb-container-2b37adf3 gb-accordion\">\n<div class=\"gb-container gb-container-695f2d5a gb-accordion__item\" data-transition=\"slide\">\n\n<button class=\"gb-button gb-button-05d2c9c7 gb-accordion__toggle\" id=\"gb-accordion-toggle-05d2c9c7\"><span class=\"gb-button-text\">Scheda informativa sul fondo pensione<\/span><span class=\"gb-icon\"><svg xmlns=\"http:\/\/www.w3.org\/2000\/svg\" viewbox=\"0 0 448 512\" width=\"1em\" height=\"1em\" ariahidden=\"true\" role=\"img\" class=\"gb-accordion__icon\"><path d=\"M207.029 381.476L12.686 187.132c-9.373-9.373-9.373-24.569 0-33.941l22.667-22.667c9.357-9.357 24.522-9.375 33.901-.04L224 284.505l154.745-154.021c9.379-9.335 24.544-9.317 33.901.04l22.667 22.667c9.373 9.373 9.373 24.569 0 33.941L240.971 381.476c-9.373 9.372-24.569 9.372-33.942 0z\" fill=\"currentColor\"><\/path><\/svg><svg xmlns=\"http:\/\/www.w3.org\/2000\/svg\" viewbox=\"0 0 448 512\" width=\"1em\" height=\"1em\" ariahidden=\"true\" role=\"img\" class=\"gb-accordion__icon-open\"><path d=\"M240.971 130.524l194.343 194.343c9.373 9.373 9.373 24.569 0 33.941l-22.667 22.667c-9.357 9.357-24.522 9.375-33.901.04L224 227.495 69.255 381.516c-9.379 9.335-24.544 9.317-33.901-.04l-22.667-22.667c-9.373-9.373-9.373-24.569 0-33.941L207.03 130.525c9.372-9.373 24.568-9.373 33.941-.001z\" fill=\"currentColor\"><\/path><\/svg><\/span><\/button>\n\n\n<div id=\"gb-accordion-content-671c6a8f\" class=\"gb-accordion__content\"><div class=\"gb-container gb-container-671c6a8f\">\n<section id=\"digicube-block-66ab6ed9bb4cc\"  class=\"downloads__block\">\r\n\r\n\r\n\r\n    <div class=\"downloads__container__each\">            <div class=\"downloads__container \">\r\n                                            <div class=\" 0 downloads__item\">\r\n\r\n                                <a href=\"https:\/\/avanea.ch\/wp-content\/uploads\/2024\/08\/600-Avanea-factsheet-07-2024-IT.pdf\" target=\"_blank\">\r\n                                    <div class=\"downloads__item__content\">\r\n                                        <p> Scheda informativa del Fondo Pensione Avanea<\/p>\r\n                                    <\/div>\r\n                                <\/a>\r\n                            <\/div>\r\n                \r\n            <\/div>\r\n                <\/div>\r\n    \r\n<\/section>\n<\/div><\/div>\n<\/div>\n\n<div class=\"gb-container gb-container-c94134f8 gb-accordion__item\" data-transition=\"slide\">\n\n<button class=\"gb-button gb-button-599c5ad6 gb-accordion__toggle\" id=\"gb-accordion-toggle-599c5ad6\"><span class=\"gb-button-text\">Modifiche alle persone assicurate\/dipendenti<\/span><span class=\"gb-icon\"><svg xmlns=\"http:\/\/www.w3.org\/2000\/svg\" viewbox=\"0 0 448 512\" width=\"1em\" height=\"1em\" ariahidden=\"true\" role=\"img\" class=\"gb-accordion__icon\"><path d=\"M207.029 381.476L12.686 187.132c-9.373-9.373-9.373-24.569 0-33.941l22.667-22.667c9.357-9.357 24.522-9.375 33.901-.04L224 284.505l154.745-154.021c9.379-9.335 24.544-9.317 33.901.04l22.667 22.667c9.373 9.373 9.373 24.569 0 33.941L240.971 381.476c-9.373 9.372-24.569 9.372-33.942 0z\" fill=\"currentColor\"><\/path><\/svg><svg xmlns=\"http:\/\/www.w3.org\/2000\/svg\" viewbox=\"0 0 448 512\" width=\"1em\" height=\"1em\" ariahidden=\"true\" role=\"img\" class=\"gb-accordion__icon-open\"><path d=\"M240.971 130.524l194.343 194.343c9.373 9.373 9.373 24.569 0 33.941l-22.667 22.667c-9.357 9.357-24.522 9.375-33.901.04L224 227.495 69.255 381.516c-9.379 9.335-24.544 9.317-33.901-.04l-22.667-22.667c-9.373-9.373-9.373-24.569 0-33.941L207.03 130.525c9.372-9.373 24.568-9.373 33.941-.001z\" fill=\"currentColor\"><\/path><\/svg><\/span><\/button>\n\n\n<div id=\"gb-accordion-content-90e0931f\" class=\"gb-accordion__content\"><div class=\"gb-container gb-container-90e0931f\">\n<section id=\"digicube-block-66ab6ed9bb4cc\"  class=\"downloads__block\">\r\n\r\n\r\n\r\n    <div class=\"downloads__container__each\">            <div class=\"downloads__container \">\r\n                                            <div class=\" 0 downloads__item\">\r\n\r\n                                <a href=\"https:\/\/avanea.ch\/wp-content\/uploads\/2024\/05\/302-it-convivenza-avanea-2202.pdf\" target=\"_blank\">\r\n                                    <div class=\"downloads__item__content\">\r\n                                        <p> Notifica di convivenza<\/p>\r\n                                    <\/div>\r\n                                <\/a>\r\n                            <\/div>\r\n                                            <div class=\" 1 downloads__item\">\r\n\r\n                                <a href=\"https:\/\/avanea.ch\/wp-content\/uploads\/2024\/05\/310-avanea-cassa-pensioni-azienda-notifica-pensionamento-1.pdf\" target=\"_blank\">\r\n                                    <div class=\"downloads__item__content\">\r\n                                        <p> Notifica di pensionamento<\/p>\r\n                                    <\/div>\r\n                                <\/a>\r\n                            <\/div>\r\n                                            <div class=\" 2 downloads__item\">\r\n\r\n                                <a href=\"https:\/\/avanea.ch\/wp-content\/uploads\/2024\/08\/202-it-mutazione-avanea-2202-1.pdf\" target=\"_blank\">\r\n                                    <div class=\"downloads__item__content\">\r\n                                        <p> Notifica di mutazione (stipendio e dati anagrafici)<\/p>\r\n                                    <\/div>\r\n                                <\/a>\r\n                            <\/div>\r\n                                            <div class=\" 3 downloads__item\">\r\n\r\n                                <a href=\"https:\/\/avanea.ch\/wp-content\/uploads\/2024\/08\/13.1_IT-EZS-Debi-Avanea-30_UBS.pdf\" target=\"_blank\">\r\n                                    <div class=\"downloads__item__content\">\r\n                                        <p> Bollettino di pagamento dei contributi &#8211; Avanea 30<\/p>\r\n                                    <\/div>\r\n                                <\/a>\r\n                            <\/div>\r\n                                            <div class=\" 4 downloads__item\">\r\n\r\n                                <a href=\"https:\/\/avanea.ch\/wp-content\/uploads\/2024\/11\/13.2_IT-EZS-Debi-PizSol_UBS.pdf\" target=\"_blank\">\r\n                                    <div class=\"downloads__item__content\">\r\n                                        <p> Bollettino di pagamento per i contributi &#8211; Avanea PizSol<\/p>\r\n                                    <\/div>\r\n                                <\/a>\r\n                            <\/div>\r\n                                            <div class=\" 5 downloads__item\">\r\n\r\n                                <a href=\"https:\/\/avanea.ch\/wp-content\/uploads\/2024\/08\/201-it-affiliazione-avanea-2202-1.pdf\" target=\"_blank\">\r\n                                    <div class=\"downloads__item__content\">\r\n                                        <p> Iscrizione al fondo pensione<\/p>\r\n                                    <\/div>\r\n                                <\/a>\r\n                            <\/div>\r\n                                            <div class=\" 6 downloads__item\">\r\n\r\n                                <a href=\"https:\/\/avanea.ch\/wp-content\/uploads\/2024\/08\/203-it-uscita-avanea-2202-1.pdf\" target=\"_blank\">\r\n                                    <div class=\"downloads__item__content\">\r\n                                        <p> Notifica di partenza<\/p>\r\n                                    <\/div>\r\n                                <\/a>\r\n                            <\/div>\r\n                                            <div class=\" 7 downloads__item\">\r\n\r\n                                <a href=\"https:\/\/avanea.ch\/wp-content\/uploads\/2024\/08\/27-avanea-cassa-pensioni-assicurato-notifica-decesso-1.pdf\" target=\"_blank\">\r\n                                    <div class=\"downloads__item__content\">\r\n                                        <p> Notifica di morte<\/p>\r\n                                    <\/div>\r\n                                <\/a>\r\n                            <\/div>\r\n                                            <div class=\" 8 downloads__item\">\r\n\r\n                                <a href=\"https:\/\/avanea.ch\/wp-content\/uploads\/2024\/08\/26-avanea-cassa-pensioni-assicurato-notifica-incapacita-lavorativa-1.pdf\" target=\"_blank\">\r\n                                    <div class=\"downloads__item__content\">\r\n                                        <p> Notifica di inabilit\u00e0 al lavoro<\/p>\r\n                                    <\/div>\r\n                                <\/a>\r\n                            <\/div>\r\n                \r\n            <\/div>\r\n                <\/div>\r\n    \r\n<\/section>\n<\/div><\/div>\n<\/div>\n\n<div class=\"gb-container gb-container-c399b8e3 gb-accordion__item\" data-transition=\"slide\">\n\n<button class=\"gb-button gb-button-7a213da9 gb-accordion__toggle\" id=\"gb-accordion-toggle-7a213da9\"><span class=\"gb-button-text\">Commissione per i fondi pensione<\/span><span class=\"gb-icon\"><svg xmlns=\"http:\/\/www.w3.org\/2000\/svg\" viewbox=\"0 0 448 512\" width=\"1em\" height=\"1em\" ariahidden=\"true\" role=\"img\" class=\"gb-accordion__icon\"><path d=\"M207.029 381.476L12.686 187.132c-9.373-9.373-9.373-24.569 0-33.941l22.667-22.667c9.357-9.357 24.522-9.375 33.901-.04L224 284.505l154.745-154.021c9.379-9.335 24.544-9.317 33.901.04l22.667 22.667c9.373 9.373 9.373 24.569 0 33.941L240.971 381.476c-9.373 9.372-24.569 9.372-33.942 0z\" fill=\"currentColor\"><\/path><\/svg><svg xmlns=\"http:\/\/www.w3.org\/2000\/svg\" viewbox=\"0 0 448 512\" width=\"1em\" height=\"1em\" ariahidden=\"true\" role=\"img\" class=\"gb-accordion__icon-open\"><path d=\"M240.971 130.524l194.343 194.343c9.373 9.373 9.373 24.569 0 33.941l-22.667 22.667c-9.357 9.357-24.522 9.375-33.901.04L224 227.495 69.255 381.516c-9.379 9.335-24.544 9.317-33.901-.04l-22.667-22.667c-9.373-9.373-9.373-24.569 0-33.941L207.03 130.525c9.372-9.373 24.568-9.373 33.941-.001z\" fill=\"currentColor\"><\/path><\/svg><\/span><\/button>\n\n\n<div id=\"gb-accordion-content-cde39a64\" class=\"gb-accordion__content\"><div class=\"gb-container gb-container-cde39a64\">\n<section id=\"digicube-block-66ab6ed9bb4cc\"  class=\"downloads__block\">\r\n\r\n\r\n\r\n    <div class=\"downloads__container__each\">            <div class=\"downloads__container \">\r\n                                            <div class=\" 0 downloads__item\">\r\n\r\n                                <a href=\"https:\/\/avanea.ch\/wp-content\/uploads\/2024\/05\/205-it-elezione-avanea-2202.pdf\" target=\"_blank\">\r\n                                    <div class=\"downloads__item__content\">\r\n                                        <p> Protocollo di elezione della commissione per i fondi pensione<\/p>\r\n                                    <\/div>\r\n                                <\/a>\r\n                            <\/div>\r\n                \r\n            <\/div>\r\n                <\/div>\r\n    \r\n<\/section>\n<\/div><\/div>\n\n<div id=\"gb-accordion-content-04cf5066\" class=\"gb-accordion__content\"><div class=\"gb-container gb-container-04cf5066\">\n<section id=\"digicube-block-66ab6ed9bb4cc\"  class=\"downloads__block\">\r\n\r\n\r\n\r\n    \r\n<\/section>\n<\/div><\/div>\n<\/div>\n<\/div>\n\n\n<div style=\"height:50px\" aria-hidden=\"true\" class=\"wp-block-spacer\"><\/div>\n\n<\/div>\n\n<div class=\"gb-container gb-container-d6301a37\">\n\n<h2 class=\"gb-headline gb-headline-788c1625 gb-headline-text\">3. materiale informativo<\/h2>\n\n\n<div class=\"gb-container gb-container-b4bece8d gb-accordion\">\n<div class=\"gb-container gb-container-b2ce7b9f gb-accordion__item\" data-transition=\"slide\">\n\n<button class=\"gb-button gb-button-74b98c0f gb-accordion__toggle\" id=\"gb-accordion-toggle-74b98c0f\"><span class=\"gb-button-text\"><strong>Brochure e guide<\/strong><\/span><span class=\"gb-icon\"><svg xmlns=\"http:\/\/www.w3.org\/2000\/svg\" viewbox=\"0 0 448 512\" width=\"1em\" height=\"1em\" ariahidden=\"true\" role=\"img\" class=\"gb-accordion__icon\"><path d=\"M207.029 381.476L12.686 187.132c-9.373-9.373-9.373-24.569 0-33.941l22.667-22.667c9.357-9.357 24.522-9.375 33.901-.04L224 284.505l154.745-154.021c9.379-9.335 24.544-9.317 33.901.04l22.667 22.667c9.373 9.373 9.373 24.569 0 33.941L240.971 381.476c-9.373 9.372-24.569 9.372-33.942 0z\" fill=\"currentColor\"><\/path><\/svg><svg xmlns=\"http:\/\/www.w3.org\/2000\/svg\" viewbox=\"0 0 448 512\" width=\"1em\" height=\"1em\" ariahidden=\"true\" role=\"img\" class=\"gb-accordion__icon-open\"><path d=\"M240.971 130.524l194.343 194.343c9.373 9.373 9.373 24.569 0 33.941l-22.667 22.667c-9.357 9.357-24.522 9.375-33.901.04L224 227.495 69.255 381.516c-9.379 9.335-24.544 9.317-33.901-.04l-22.667-22.667c-9.373-9.373-9.373-24.569 0-33.941L207.03 130.525c9.372-9.373 24.568-9.373 33.941-.001z\" fill=\"currentColor\"><\/path><\/svg><\/span><\/button>\n\n\n<div id=\"gb-accordion-content-99571bf3\" class=\"gb-accordion__content\"><div class=\"gb-container gb-container-99571bf3\">\n<section id=\"digicube-block-66ab6ed9bb57d\"  class=\"downloads__block\">\r\n\r\n\r\n\r\n    <div class=\"downloads__container__each\">            <div class=\"downloads__container \">\r\n                                            <div class=\" 0 downloads__item\">\r\n\r\n                                <a href=\"https:\/\/avanea.ch\/wp-content\/uploads\/2024\/08\/Muster-Vorsorgeausweis.pdf\" target=\"_blank\">\r\n                                    <div class=\"downloads__item__content\">\r\n                                        <p> Esempio di certificato di pensione con dichiarazioni<\/p>\r\n                                    <\/div>\r\n                                <\/a>\r\n                            <\/div>\r\n                                            <div class=\" 1 downloads__item\">\r\n\r\n                                <a href=\"https:\/\/avanea.ch\/wp-content\/uploads\/2024\/08\/Kennzahlen-Avanea.pdf\" target=\"_blank\">\r\n                                    <div class=\"downloads__item__content\">\r\n                                        <p> Tasso di interesse<\/p>\r\n                                    <\/div>\r\n                                <\/a>\r\n                            <\/div>\r\n                                            <div class=\" 2 downloads__item\">\r\n\r\n                                <a href=\"https:\/\/avanea.ch\/wp-content\/uploads\/2024\/08\/avanea-pensions-kasse-docs-infoblatt.pdf\" target=\"_blank\">\r\n                                    <div class=\"downloads__item__content\">\r\n                                        <p> Informazioni generali sulle pensioni professionali<\/p>\r\n                                    <\/div>\r\n                                <\/a>\r\n                            <\/div>\r\n                                            <div class=\" 3 downloads__item\">\r\n\r\n                                <a href=\"https:\/\/avanea.ch\/wp-content\/uploads\/2024\/08\/fedlex-data-admin-ch-eli-cc-1983-797_797_797-20240701-it-pdf-a-1.pdf\" target=\"_blank\">\r\n                                    <div class=\"downloads__item__content\">\r\n                                        <p> Legge federale sulla previdenza professionale per la vecchiaia, i superstiti e l&#8217;invalidit\u00e0 (LPP)<\/p>\r\n                                    <\/div>\r\n                                <\/a>\r\n                            <\/div>\r\n                                            <div class=\" 4 downloads__item\">\r\n\r\n                                <a href=\"https:\/\/avanea.ch\/wp-content\/uploads\/2024\/08\/600-Avanea-factsheet-07-2024-IT.pdf\" target=\"_blank\">\r\n                                    <div class=\"downloads__item__content\">\r\n                                        <p> Scheda informativa del Fondo Pensione Avanea<\/p>\r\n                                    <\/div>\r\n                                <\/a>\r\n                            <\/div>\r\n                \r\n            <\/div>\r\n                <\/div>\r\n    \r\n<\/section>\n<\/div><\/div>\n<\/div>\n<\/div>\n\n\n<div style=\"height:50px\" aria-hidden=\"true\" class=\"wp-block-spacer\"><\/div>\n\n<\/div>\n\n<div class=\"gb-container gb-container-d8547755\">\n\n<h2 class=\"gb-headline gb-headline-d933ed3e gb-headline-text\">4. relazioni e pubblicazioni<\/h2>\n\n\n<div class=\"gb-container gb-container-1d4f426a gb-accordion\">\n<div class=\"gb-container gb-container-2d237d11 gb-accordion__item\" data-transition=\"slide\">\n\n<button class=\"gb-button gb-button-47db6983 gb-accordion__toggle\" id=\"gb-accordion-toggle-47db6983\"><span class=\"gb-button-text\">Rapporti annuali<\/span><span class=\"gb-icon\"><svg xmlns=\"http:\/\/www.w3.org\/2000\/svg\" viewbox=\"0 0 448 512\" width=\"1em\" height=\"1em\" ariahidden=\"true\" role=\"img\" class=\"gb-accordion__icon\"><path d=\"M207.029 381.476L12.686 187.132c-9.373-9.373-9.373-24.569 0-33.941l22.667-22.667c9.357-9.357 24.522-9.375 33.901-.04L224 284.505l154.745-154.021c9.379-9.335 24.544-9.317 33.901.04l22.667 22.667c9.373 9.373 9.373 24.569 0 33.941L240.971 381.476c-9.373 9.372-24.569 9.372-33.942 0z\" fill=\"currentColor\"><\/path><\/svg><svg xmlns=\"http:\/\/www.w3.org\/2000\/svg\" viewbox=\"0 0 448 512\" width=\"1em\" height=\"1em\" ariahidden=\"true\" role=\"img\" class=\"gb-accordion__icon-open\"><path d=\"M240.971 130.524l194.343 194.343c9.373 9.373 9.373 24.569 0 33.941l-22.667 22.667c-9.357 9.357-24.522 9.375-33.901.04L224 227.495 69.255 381.516c-9.379 9.335-24.544 9.317-33.901-.04l-22.667-22.667c-9.373-9.373-9.373-24.569 0-33.941L207.03 130.525c9.372-9.373 24.568-9.373 33.941-.001z\" fill=\"currentColor\"><\/path><\/svg><\/span><\/button>\n\n\n<div id=\"gb-accordion-content-0119d050\" class=\"gb-accordion__content\"><div class=\"gb-container gb-container-0119d050\">\n<section id=\"digicube-block-66ab6ed9bb5bf\"  class=\"downloads__block\">\r\n\r\n\r\n\r\n    <div class=\"downloads__container__each\">            <div class=\"downloads__container \">\r\n                                            <div class=\" 0 downloads__item\">\r\n\r\n                                <a href=\"https:\/\/avanea.ch\/wp-content\/uploads\/2025\/08\/Avanea-PK_GB_2024-1.pdf\" target=\"_blank\">\r\n                                    <div class=\"downloads__item__content\">\r\n                                        <p> Relazione annuale 2024 (in tedesco)<\/p>\r\n                                    <\/div>\r\n                                <\/a>\r\n                            <\/div>\r\n                                            <div class=\" 1 downloads__item\">\r\n\r\n                                <a href=\"https:\/\/avanea.ch\/wp-content\/uploads\/2024\/08\/11-avanea-pensionskasse-docs-geschaeftsbericht-2023.pdf\" target=\"_blank\">\r\n                                    <div class=\"downloads__item__content\">\r\n                                        <p> Relazione annuale 2023 (in tedesco)<\/p>\r\n                                    <\/div>\r\n                                <\/a>\r\n                            <\/div>\r\n                                            <div class=\" 2 downloads__item\">\r\n\r\n                                <a href=\"https:\/\/avanea.ch\/wp-content\/uploads\/2024\/08\/11-avanea-pensionskasse-docs-geschaftsbericht-3-2022.pdf\" target=\"_blank\">\r\n                                    <div class=\"downloads__item__content\">\r\n                                        <p> Relazione annuale 2022 (in tedesco)<\/p>\r\n                                    <\/div>\r\n                                <\/a>\r\n                            <\/div>\r\n                                            <div class=\" 3 downloads__item\">\r\n\r\n                                <a href=\"https:\/\/avanea.ch\/wp-content\/uploads\/2024\/08\/11-avanea-pensionskasse-docs-geschaeftsbericht-2021.pdf\" target=\"_blank\">\r\n                                    <div class=\"downloads__item__content\">\r\n                                        <p> Relazione annuale 2021 (in tedesco)<\/p>\r\n                                    <\/div>\r\n                                <\/a>\r\n                            <\/div>\r\n                                            <div class=\" 4 downloads__item\">\r\n\r\n                                <a href=\"https:\/\/avanea.ch\/wp-content\/uploads\/2024\/05\/avanea-pensions-kasse-docs-Jahresrechnung2016-1.pdf\" target=\"_blank\">\r\n                                    <div class=\"downloads__item__content\">\r\n                                        <p> Bilancio annuale 2016<\/p>\r\n                                    <\/div>\r\n                                <\/a>\r\n                            <\/div>\r\n                                            <div class=\" 5 downloads__item\">\r\n\r\n                                <a href=\"https:\/\/avanea.ch\/wp-content\/uploads\/2024\/05\/avanea-pensions-kasse-docs-Jahresrechnung2015-1.pdf\" target=\"_blank\">\r\n                                    <div class=\"downloads__item__content\">\r\n                                        <p> Bilancio annuale 2015<\/p>\r\n                                    <\/div>\r\n                                <\/a>\r\n                            <\/div>\r\n                                            <div class=\" 6 downloads__item\">\r\n\r\n                                <a href=\"https:\/\/avanea.ch\/wp-content\/uploads\/2024\/05\/avanea-pensions-kasse-docs-geschaeftsbericht2020.pdf\" target=\"_blank\">\r\n                                    <div class=\"downloads__item__content\">\r\n                                        <p> Relazione annuale 2020 (in tedesco)<\/p>\r\n                                    <\/div>\r\n                                <\/a>\r\n                            <\/div>\r\n                                            <div class=\" 7 downloads__item\">\r\n\r\n                                <a href=\"https:\/\/avanea.ch\/wp-content\/uploads\/2024\/05\/Geschaeftsbericht-2019.pdf\" target=\"_blank\">\r\n                                    <div class=\"downloads__item__content\">\r\n                                        <p> Rapporto annuale 2019<\/p>\r\n                                    <\/div>\r\n                                <\/a>\r\n                            <\/div>\r\n                                            <div class=\" 8 downloads__item\">\r\n\r\n                                <a href=\"https:\/\/avanea.ch\/wp-content\/uploads\/2024\/05\/Geschaeftsbericht-2018.pdf\" target=\"_blank\">\r\n                                    <div class=\"downloads__item__content\">\r\n                                        <p> Rapporto annuale 2018<\/p>\r\n                                    <\/div>\r\n                                <\/a>\r\n                            <\/div>\r\n                                            <div class=\" 9 downloads__item\">\r\n\r\n                                <a href=\"https:\/\/avanea.ch\/wp-content\/uploads\/2024\/05\/Geschaeftsbericht-2017.pdf\" target=\"_blank\">\r\n                                    <div class=\"downloads__item__content\">\r\n                                        <p> Rapporto annuale 2017<\/p>\r\n                                    <\/div>\r\n                                <\/a>\r\n                            <\/div>\r\n                \r\n            <\/div>\r\n                <\/div>\r\n    \r\n<\/section>\n<\/div><\/div>\n<\/div>\n\n<div class=\"gb-container gb-container-3aaa5650 gb-accordion__item\" data-transition=\"slide\">\n\n<button class=\"gb-button gb-button-00a384fd gb-accordion__toggle\" id=\"gb-accordion-toggle-00a384fd\"><span class=\"gb-button-text\">Rapporti sugli investimenti<\/span><span class=\"gb-icon\"><svg xmlns=\"http:\/\/www.w3.org\/2000\/svg\" viewbox=\"0 0 448 512\" width=\"1em\" height=\"1em\" ariahidden=\"true\" role=\"img\" class=\"gb-accordion__icon\"><path d=\"M207.029 381.476L12.686 187.132c-9.373-9.373-9.373-24.569 0-33.941l22.667-22.667c9.357-9.357 24.522-9.375 33.901-.04L224 284.505l154.745-154.021c9.379-9.335 24.544-9.317 33.901.04l22.667 22.667c9.373 9.373 9.373 24.569 0 33.941L240.971 381.476c-9.373 9.372-24.569 9.372-33.942 0z\" fill=\"currentColor\"><\/path><\/svg><svg xmlns=\"http:\/\/www.w3.org\/2000\/svg\" viewbox=\"0 0 448 512\" width=\"1em\" height=\"1em\" ariahidden=\"true\" role=\"img\" class=\"gb-accordion__icon-open\"><path d=\"M240.971 130.524l194.343 194.343c9.373 9.373 9.373 24.569 0 33.941l-22.667 22.667c-9.357 9.357-24.522 9.375-33.901.04L224 227.495 69.255 381.516c-9.379 9.335-24.544 9.317-33.901-.04l-22.667-22.667c-9.373-9.373-9.373-24.569 0-33.941L207.03 130.525c9.372-9.373 24.568-9.373 33.941-.001z\" fill=\"currentColor\"><\/path><\/svg><\/span><\/button>\n\n\n<div id=\"gb-accordion-content-439dfcd2\" class=\"gb-accordion__content\"><div class=\"gb-container gb-container-439dfcd2\">\n<section id=\"digicube-block-66ab6ed9bb5f6\"  class=\"downloads__block\">\r\n\r\n\r\n\r\n    <div class=\"downloads__container__each\">            <div class=\"downloads__container \">\r\n                                            <div class=\" 0 downloads__item\">\r\n\r\n                                <a href=\"https:\/\/avanea.ch\/wp-content\/uploads\/2025\/06\/2025-05_Avanea30_Bericht.pdf\" target=\"_blank\">\r\n                                    <div class=\"downloads__item__content\">\r\n                                        <p> Rapporto d&#8217;investimenti 05-2025<\/p>\r\n                                    <\/div>\r\n                                <\/a>\r\n                            <\/div>\r\n                                            <div class=\" 1 downloads__item\">\r\n\r\n                                <a href=\"https:\/\/avanea.ch\/wp-content\/uploads\/2025\/06\/2025-03_Avanea30_Bericht.pdf\" target=\"_blank\">\r\n                                    <div class=\"downloads__item__content\">\r\n                                        <p> Rapporto d&#8217;investimenti 03-2025<\/p>\r\n                                    <\/div>\r\n                                <\/a>\r\n                            <\/div>\r\n                                            <div class=\" 2 downloads__item\">\r\n\r\n                                <a href=\"https:\/\/avanea.ch\/wp-content\/uploads\/2025\/06\/2025-02_Avanea30_Bericht.pdf\" target=\"_blank\">\r\n                                    <div class=\"downloads__item__content\">\r\n                                        <p> Rapporto d&#8217;investimenti 02-2025<\/p>\r\n                                    <\/div>\r\n                                <\/a>\r\n                            <\/div>\r\n                                            <div class=\" 3 downloads__item\">\r\n\r\n                                <a href=\"https:\/\/avanea.ch\/wp-content\/uploads\/2025\/06\/2025-01_Avanea30_Bericht.pdf\" target=\"_blank\">\r\n                                    <div class=\"downloads__item__content\">\r\n                                        <p> Rapporto d&#8217;investimenti 01-2025<\/p>\r\n                                    <\/div>\r\n                                <\/a>\r\n                            <\/div>\r\n                                            <div class=\" 4 downloads__item\">\r\n\r\n                                <a href=\"https:\/\/avanea.ch\/wp-content\/uploads\/2025\/01\/2024-Q4_Avanea_Bericht.pdf\" target=\"_blank\">\r\n                                    <div class=\"downloads__item__content\">\r\n                                        <p> 2024_Q4_Anlagebericht<\/p>\r\n                                    <\/div>\r\n                                <\/a>\r\n                            <\/div>\r\n                                            <div class=\" 5 downloads__item\">\r\n\r\n                                <a href=\"https:\/\/avanea.ch\/wp-content\/uploads\/2024\/10\/2024-Q3_Avanea_Bericht.pdf\" target=\"_blank\">\r\n                                    <div class=\"downloads__item__content\">\r\n                                        <p> 2024_Q3_Anlagebericht<\/p>\r\n                                    <\/div>\r\n                                <\/a>\r\n                            <\/div>\r\n                                            <div class=\" 6 downloads__item\">\r\n\r\n                                <a href=\"https:\/\/avanea.ch\/wp-content\/uploads\/2024\/08\/2024-Q2_Avanea_Bericht.pdf\" target=\"_blank\">\r\n                                    <div class=\"downloads__item__content\">\r\n                                        <p> 2024_Q2_Anlagebericht<\/p>\r\n                                    <\/div>\r\n                                <\/a>\r\n                            <\/div>\r\n                                            <div class=\" 7 downloads__item\">\r\n\r\n                                <a href=\"https:\/\/avanea.ch\/wp-content\/uploads\/2024\/06\/2023-Q4_Avanea_Bericht.pdf\" target=\"_blank\">\r\n                                    <div class=\"downloads__item__content\">\r\n                                        <p> 2023_Q4_Anlagebericht<\/p>\r\n                                    <\/div>\r\n                                <\/a>\r\n                            <\/div>\r\n                                            <div class=\" 8 downloads__item\">\r\n\r\n                                <a href=\"https:\/\/avanea.ch\/wp-content\/uploads\/2024\/06\/2023-Q3_Avanea_Bericht.pdf\" target=\"_blank\">\r\n                                    <div class=\"downloads__item__content\">\r\n                                        <p> 2023_Q3_Anlagebericht<\/p>\r\n                                    <\/div>\r\n                                <\/a>\r\n                            <\/div>\r\n                                            <div class=\" 9 downloads__item\">\r\n\r\n                                <a href=\"https:\/\/avanea.ch\/wp-content\/uploads\/2024\/06\/2023-Q2_Avanea_Bericht.pdf\" target=\"_blank\">\r\n                                    <div class=\"downloads__item__content\">\r\n                                        <p> 2023_Q2_Anlagebericht<\/p>\r\n                                    <\/div>\r\n                                <\/a>\r\n                            <\/div>\r\n                                            <div class=\" 10 downloads__item\">\r\n\r\n                                <a href=\"https:\/\/avanea.ch\/wp-content\/uploads\/2024\/06\/2024-Q1_Avanea_Bericht-1.pdf\" target=\"_blank\">\r\n                                    <div class=\"downloads__item__content\">\r\n                                        <p> 2024_Q1_Anlagebericht<\/p>\r\n                                    <\/div>\r\n                                <\/a>\r\n                            <\/div>\r\n                                            <div class=\" 11 downloads__item\">\r\n\r\n                                <a href=\"https:\/\/avanea.ch\/wp-content\/uploads\/2024\/08\/2024-Q1_Avanea_Bericht.pdf\" target=\"_blank\">\r\n                                    <div class=\"downloads__item__content\">\r\n                                        <p> 2023_Q1_Anlagebericht<\/p>\r\n                                    <\/div>\r\n                                <\/a>\r\n                            <\/div>\r\n                \r\n            <\/div>\r\n                <\/div>\r\n    \r\n<\/section>\n<\/div><\/div>\n<\/div>\n<\/div>\n<\/div>\n\n<div class=\"gb-container gb-container-813ed6ec\">\n\n<h2 class=\"gb-headline gb-headline-633065eb gb-headline-text\">5. regolamenti<\/h2>\n\n\n<div class=\"gb-container gb-container-3bc51472 gb-accordion\">\n<div class=\"gb-container gb-container-b99f0625 gb-accordion__item\" data-transition=\"slide\">\n\n<button class=\"gb-button gb-button-c5acc663 gb-accordion__toggle\" id=\"gb-accordion-toggle-c5acc663\"><span class=\"gb-button-text\">Regolamenti<\/span><span class=\"gb-icon\"><svg xmlns=\"http:\/\/www.w3.org\/2000\/svg\" viewbox=\"0 0 448 512\" width=\"1em\" height=\"1em\" ariahidden=\"true\" role=\"img\" class=\"gb-accordion__icon\"><path d=\"M207.029 381.476L12.686 187.132c-9.373-9.373-9.373-24.569 0-33.941l22.667-22.667c9.357-9.357 24.522-9.375 33.901-.04L224 284.505l154.745-154.021c9.379-9.335 24.544-9.317 33.901.04l22.667 22.667c9.373 9.373 9.373 24.569 0 33.941L240.971 381.476c-9.373 9.372-24.569 9.372-33.942 0z\" fill=\"currentColor\"><\/path><\/svg><svg xmlns=\"http:\/\/www.w3.org\/2000\/svg\" viewbox=\"0 0 448 512\" width=\"1em\" height=\"1em\" ariahidden=\"true\" role=\"img\" class=\"gb-accordion__icon-open\"><path d=\"M240.971 130.524l194.343 194.343c9.373 9.373 9.373 24.569 0 33.941l-22.667 22.667c-9.357 9.357-24.522 9.375-33.901.04L224 227.495 69.255 381.516c-9.379 9.335-24.544 9.317-33.901-.04l-22.667-22.667c-9.373-9.373-9.373-24.569 0-33.941L207.03 130.525c9.372-9.373 24.568-9.373 33.941-.001z\" fill=\"currentColor\"><\/path><\/svg><\/span><\/button>\n\n\n<div id=\"gb-accordion-content-5dde2cc0\" class=\"gb-accordion__content\"><div class=\"gb-container gb-container-5dde2cc0\">\n<section id=\"digicube-block-66ab6ed9bb62f\"  class=\"downloads__block\">\r\n\r\n\r\n\r\n    <div class=\"downloads__container__each\">            <div class=\"downloads__container \">\r\n                                            <div class=\" 0 downloads__item\">\r\n\r\n                                <a href=\"https:\/\/avanea.ch\/wp-content\/uploads\/2024\/08\/I_Aenderungen-VR-2024.pdf\" target=\"_blank\">\r\n                                    <div class=\"downloads__item__content\">\r\n                                        <p> Modifiche al regolamento del fondo pensione 01.01.2024<\/p>\r\n                                    <\/div>\r\n                                <\/a>\r\n                            <\/div>\r\n                                            <div class=\" 1 downloads__item\">\r\n\r\n                                <a href=\"https:\/\/avanea.ch\/wp-content\/uploads\/2024\/08\/12-Organisationsreglement-6.2014.pdf\" target=\"_blank\">\r\n                                    <div class=\"downloads__item__content\">\r\n                                        <p> Regolamenti organizzativi<\/p>\r\n                                    <\/div>\r\n                                <\/a>\r\n                            <\/div>\r\n                                            <div class=\" 2 downloads__item\">\r\n\r\n                                <a href=\"https:\/\/avanea.ch\/wp-content\/uploads\/2024\/08\/I_Vorsorgereglement_2024-Web.pdf\" target=\"_blank\">\r\n                                    <div class=\"downloads__item__content\">\r\n                                        <p> Regolamento di previdenza<\/p>\r\n                                    <\/div>\r\n                                <\/a>\r\n                            <\/div>\r\n                                            <div class=\" 3 downloads__item\">\r\n\r\n                                <a href=\"https:\/\/avanea.ch\/wp-content\/uploads\/2024\/08\/15-Rueckstellungsreglement202001.pdf\" target=\"_blank\">\r\n                                    <div class=\"downloads__item__content\">\r\n                                        <p> Disposizioni regolamentari<\/p>\r\n                                    <\/div>\r\n                                <\/a>\r\n                            <\/div>\r\n                                            <div class=\" 4 downloads__item\">\r\n\r\n                                <a href=\"https:\/\/avanea.ch\/wp-content\/uploads\/2024\/08\/I_Teilliquidationsreglement-final.pdf\" target=\"_blank\">\r\n                                    <div class=\"downloads__item__content\">\r\n                                        <p> Regolamento di liquidazione parziale<\/p>\r\n                                    <\/div>\r\n                                <\/a>\r\n                            <\/div>\r\n                                            <div class=\" 5 downloads__item\">\r\n\r\n                                <a href=\"https:\/\/avanea.ch\/wp-content\/uploads\/2024\/08\/16-Anlagereglement-201905.pdf\" target=\"_blank\">\r\n                                    <div class=\"downloads__item__content\">\r\n                                        <p> Regolamenti sugli investimenti<\/p>\r\n                                    <\/div>\r\n                                <\/a>\r\n                            <\/div>\r\n                \r\n            <\/div>\r\n                <\/div>\r\n    \r\n<\/section>\n<\/div><\/div>\n<\/div>\n<\/div>\n<\/div>\n\n\n<h3 class=\"wp-block-heading\">Contattaci<\/h3>\n\n\n\n<p><strong>Aiuto e supporto<\/strong><\/p>\n\n\n\n<p>Se hai domande sui documenti o hai bisogno di assistenza per completarli, il nostro team di assistenza sar\u00e0 lieto di aiutarti:<\/p>\n\n\n\n<ul class=\"wp-block-list\">\n<li><strong>Telefono<\/strong>: <a href=\"tel%2024%\">+41 44 680 24 24<\/a><\/li>\n\n\n\n<li><strong>E-mail<\/strong>: <a>info@avanea.ch<\/a><\/li>\n\n\n\n<li><strong>Indirizzo<\/strong>: Fondo pensione Avanea, Merkurstrasse 3, CH-8820 W\u00e4denswil<\/li>\n<\/ul>\n\n<\/div>\n<\/div>","protected":false},"excerpt":{"rendered":"<p>Tutti i documenti importanti in un colpo d&#8217;occhio Benvenuto nell&#8217;area download del Fondo Pensione Avanea. Qui troverai tutti i moduli, &#8230; <a title=\"Download\" class=\"read-more\" href=\"https:\/\/avanea.ch\/it\/download\/\" aria-label=\"Per saperne di pi\u00f9 su Download\">Read more<\/a><\/p>\n","protected":false},"author":1,"featured_media":2060,"parent":0,"menu_order":0,"comment_status":"closed","ping_status":"closed","template":"","meta":{"_acf_changed":false,"inline_featured_image":false,"footnotes":""},"class_list":["post-2088","page","type-page","status-publish","has-post-thumbnail"],"acf":[],"_links":{"self":[{"href":"https:\/\/avanea.ch\/it\/wp-json\/wp\/v2\/pages\/2088","targetHints":{"allow":["GET"]}}],"collection":[{"href":"https:\/\/avanea.ch\/it\/wp-json\/wp\/v2\/pages"}],"about":[{"href":"https:\/\/avanea.ch\/it\/wp-json\/wp\/v2\/types\/page"}],"author":[{"embeddable":true,"href":"https:\/\/avanea.ch\/it\/wp-json\/wp\/v2\/users\/1"}],"replies":[{"embeddable":true,"href":"https:\/\/avanea.ch\/it\/wp-json\/wp\/v2\/comments?post=2088"}],"version-history":[{"count":4,"href":"https:\/\/avanea.ch\/it\/wp-json\/wp\/v2\/pages\/2088\/revisions"}],"predecessor-version":[{"id":4171,"href":"https:\/\/avanea.ch\/it\/wp-json\/wp\/v2\/pages\/2088\/revisions\/4171"}],"wp:featuredmedia":[{"embeddable":true,"href":"https:\/\/avanea.ch\/it\/wp-json\/wp\/v2\/media\/2060"}],"wp:attachment":[{"href":"https:\/\/avanea.ch\/it\/wp-json\/wp\/v2\/media?parent=2088"}],"curies":[{"name":"wp","href":"https:\/\/api.w.org\/{rel}","templated":true}]}}