{"id":2258,"date":"2024-05-21T13:09:32","date_gmt":"2024-05-21T11:09:32","guid":{"rendered":"https:\/\/avanea.ch\/faits-et-chiffres\/"},"modified":"2024-08-27T10:49:26","modified_gmt":"2024-08-27T08:49:26","slug":"faits-et-chiffres","status":"publish","type":"page","link":"https:\/\/avanea.ch\/fr\/faits-et-chiffres\/","title":{"rendered":"Faits et chiffres"},"content":{"rendered":"\n<p><strong>Transparence et confiance gr\u00e2ce \u00e0 des faits et des chiffres clairs<\/strong><\/p>\n\n<p>Chez Avanea Pensionskasse, nous accordons une grande importance \u00e0 la transparence et \u00e0 la confiance.\nVous trouverez ici un aper\u00e7u complet des principaux chiffres cl\u00e9s et faits qui attestent de notre stabilit\u00e9 financi\u00e8re et de notre performance. <\/p>\n\n<h3 class=\"wp-block-heading\">Membres et prestations<\/h3>\n\n<p><strong>Statistiques sur les membres<\/strong><\/p>\n\n<ul class=\"wp-block-list\">\n<li><strong>Nombre total d&rsquo;assur\u00e9s<\/strong>: 2 654<\/li>\n\n\n\n<li><strong>Assur\u00e9s actifs<\/strong>: 2 505<\/li>\n\n\n\n<li><strong>Retrait\u00e9s et pensionn\u00e9s<\/strong>: 101<\/li>\n\n\n\n<li><strong>Nombre total d&rsquo;entreprises affili\u00e9es :<\/strong> 764<\/li>\n<\/ul>\n\n<p><strong>Aper\u00e7u des prestations<\/strong> <strong>&#8211; Capital de pr\u00e9voyance<\/strong><\/p>\n\n<ul class=\"wp-block-list\">\n<li><strong>Assur\u00e9s actifs<\/strong>: CHF 186,7 millions<\/li>\n\n\n\n<li><strong>les pensions de vieillesse<\/strong>: CHF 12,8 millions<\/li>\n\n\n\n<li><strong>les rentes d&rsquo;invalidit\u00e9<\/strong>: CHF 2,6 millions<\/li>\n\n\n\n<li><strong>les rentes de survivants<\/strong>: CHF 2,1 millions<\/li>\n<\/ul>\n\n<h3 class=\"wp-block-heading\">Gestion de patrimoine<\/h3>\n\n<p><strong>Volume d&rsquo;investissement<\/strong><\/p>\n\n<ul class=\"wp-block-list\">\n<li><strong>Total des actifs sous gestion<\/strong>: 235 millions CHF<\/li>\n\n\n\n<li><strong>Classes d&rsquo;actifs<\/strong>:\n<ul class=\"wp-block-list\">\n<li>Actions : 30%<\/li>\n\n\n\n<li>Obligations : 45<\/li>\n\n\n\n<li>Immobilier : 15<\/li>\n\n\n\n<li>Placements alternatifs : 5<\/li>\n\n\n\n<li>Liquidit\u00e9 : 5%<\/li>\n<\/ul>\n<\/li>\n<\/ul>\n\n<p><strong>Performance<\/strong><\/p>\n\n<ul class=\"wp-block-list\">\n<li><strong>Rendement annuel moyen (5 derni\u00e8res ann\u00e9es)<\/strong>: 4,0<\/li>\n\n\n\n<li><strong>Rendement sur la derni\u00e8re ann\u00e9e<\/strong>: 6,14<\/li>\n<\/ul>\n\n<h3 class=\"wp-block-heading\">Stabilit\u00e9 financi\u00e8re<\/h3>\n\n<p><strong>Taux de couverture<\/strong><\/p>\n\n<ul class=\"wp-block-list\">\n<li><strong>Taux de couverture actuel<\/strong>: 103<\/li>\n\n\n\n<li><strong>Taux de couverture cible<\/strong>: 115,5<\/li>\n\n\n\n<li><strong>R\u00e9serves de fluctuation<\/strong>: 3%<strong>.<\/strong><\/li>\n<\/ul>\n\n<h3 class=\"wp-block-heading\">Frais administratifs<\/h3>\n\n<p><strong>Structure des co\u00fbts<\/strong><\/p>\n\n<ul class=\"wp-block-list\">\n<li><strong>Frais administratifs par assur\u00e9<\/strong>: 0,40% du salaire annuel assur\u00e9, max.\n360 CHF par an <\/li>\n\n\n\n<li><strong>Ratio de frais<\/strong>: 0,175% des actifs g\u00e9r\u00e9s<\/li>\n<\/ul>\n\n<h3 class=\"wp-block-heading\">Durabilit\u00e9<\/h3>\n\n<p><strong>Crit\u00e8res ESG (Environnementaux, Sociaux et de Gouvernance)<\/strong><\/p>\n\n<ul class=\"wp-block-list\">\n<li><strong>82\/100 (fort)<\/strong><\/li>\n<\/ul>\n\n<h3 class=\"wp-block-heading\">Rapports et publications<\/h3>\n\n<p><strong>Rapports r\u00e9guliers<\/strong><\/p>\n\n<ul class=\"wp-block-list\">\n<li><strong>Rapport annuel<\/strong>: <a href=\"https:\/\/avanea.ch\/wp-content\/uploads\/2024\/08\/11-avanea-pensionskasse-docs-geschaeftsbericht-2023.pdf\">lien vers le rapport annuel actuel<\/a><\/li>\n\n\n\n<li><strong>Rapport trimestriel<\/strong>: <a href=\"https:\/\/avanea.ch\/wp-content\/uploads\/2024\/08\/2024-Q2_Avanea_Bericht.pdf\">lien vers le dernier rapport trimestriel<\/a><\/li>\n<\/ul>\n\n<h3 class=\"wp-block-heading\">Contact<\/h3>\n\n<p><strong>Des questions sur nos faits et chiffres ?<\/strong><\/p>\n\n<p>Notre \u00e9quipe se tient \u00e0 votre disposition pour r\u00e9pondre \u00e0 toutes vos questions et pr\u00e9occupations concernant la situation financi\u00e8re et les performances de la caisse de pension Avanea.\nN&rsquo;h\u00e9sitez pas \u00e0 nous contacter : <\/p>\n\n<ul class=\"wp-block-list\">\n<li><strong>T\u00e9l\u00e9phone<\/strong>: +41 44 680 24 24<\/li>\n\n\n\n<li><strong>Courrier \u00e9lectronique<\/strong>: <a>info@avanea.ch<\/a><\/li>\n\n\n\n<li><strong>Adresse : <\/strong>Avanea Pensionskasse, Merkurstrasse 3, CH-8820 W\u00e4denswil<\/li>\n<\/ul>\n","protected":false},"excerpt":{"rendered":"<p>Transparence et confiance gr\u00e2ce \u00e0 des faits et des chiffres clairs Chez Avanea Pensionskasse, nous accordons une grande importance \u00e0 &#8230; <a title=\"Faits et chiffres\" class=\"read-more\" href=\"https:\/\/avanea.ch\/fr\/faits-et-chiffres\/\" aria-label=\"En savoir plus sur Faits et chiffres\">Read more<\/a><\/p>\n","protected":false},"author":1,"featured_media":2056,"parent":0,"menu_order":0,"comment_status":"closed","ping_status":"closed","template":"","meta":{"_acf_changed":false,"inline_featured_image":false,"footnotes":""},"class_list":["post-2258","page","type-page","status-publish","has-post-thumbnail"],"acf":[],"_links":{"self":[{"href":"https:\/\/avanea.ch\/fr\/wp-json\/wp\/v2\/pages\/2258","targetHints":{"allow":["GET"]}}],"collection":[{"href":"https:\/\/avanea.ch\/fr\/wp-json\/wp\/v2\/pages"}],"about":[{"href":"https:\/\/avanea.ch\/fr\/wp-json\/wp\/v2\/types\/page"}],"author":[{"embeddable":true,"href":"https:\/\/avanea.ch\/fr\/wp-json\/wp\/v2\/users\/1"}],"replies":[{"embeddable":true,"href":"https:\/\/avanea.ch\/fr\/wp-json\/wp\/v2\/comments?post=2258"}],"version-history":[{"count":4,"href":"https:\/\/avanea.ch\/fr\/wp-json\/wp\/v2\/pages\/2258\/revisions"}],"predecessor-version":[{"id":3190,"href":"https:\/\/avanea.ch\/fr\/wp-json\/wp\/v2\/pages\/2258\/revisions\/3190"}],"wp:featuredmedia":[{"embeddable":true,"href":"https:\/\/avanea.ch\/fr\/wp-json\/wp\/v2\/media\/2056"}],"wp:attachment":[{"href":"https:\/\/avanea.ch\/fr\/wp-json\/wp\/v2\/media?parent=2258"}],"curies":[{"name":"wp","href":"https:\/\/api.w.org\/{rel}","templated":true}]}}